{"id":536,"date":"2020-04-15T09:36:53","date_gmt":"2020-04-15T07:36:53","guid":{"rendered":"http:\/\/laboiteaje.fr\/?page_id=536"},"modified":"2026-03-13T12:31:12","modified_gmt":"2026-03-13T11:31:12","slug":"confinement","status":"publish","type":"page","link":"https:\/\/laboiteaje.fr\/index.php\/confinement\/","title":{"rendered":"PARCOURS P\u00c9DAGOGIQUES"},"content":{"rendered":"\n<p>L\u2019intention principale des formations de La Bo\u00eete \u00e0 Je est de valoriser la place de chacun dans sa vie professionnelle, associative, et personnelle. Ces formations permettent d\u2019acqu\u00e9rir des comp\u00e9tences pratiques et d\u2019approfondir ses connaissances pour mieux interagir et \u00e9voluer dans son environnement.<\/p>\n\n\n\n<p> \u00ab<em><span style=\"color:#64696d\" class=\"has-inline-color\">La structure du cerveau n&rsquo;est pas fig\u00e9e dans le temps ni d\u00e9termin\u00e9e uniquement par les g\u00e8nes. Elle change continuellement au fur et \u00e0 mesure que la personne apprend et interagit avec son environnement. Cela constitue l&rsquo;une des d\u00e9couvertes les plus fondamentales des neurosciences modernes<\/span><\/em>.\u00bb Steve Masson, Professeur au D\u00e9partement de didactique<\/p>\n\n\n\n<p>Chaque formation suit un format <strong>participatif et interactif<\/strong>, alliant apports th\u00e9oriques, r\u00e9flexion, \u00e9tudes de cas et mise en pratique. Ce format favorise l\u2019int\u00e9gration des notions abord\u00e9es tout en renfor\u00e7ant la coop\u00e9ration et la mont\u00e9e en comp\u00e9tences des participants.<\/p>\n\n\n\n<p><strong>Les formations propos\u00e9es par La Bo\u00eete \u00e0 Je sont sp\u00e9cifiquement con\u00e7ues pour r\u00e9pondre aux besoins des adultes, <\/strong>qu\u2019ils soient en reconversion professionnelle, en qu\u00eate de perfectionnement, ou souhaitant d\u00e9velopper leurs comp\u00e9tences personnelles. Ces formations s&rsquo;inscrivent dans une <a href=\"http:\/\/laboiteaje.fr\/wp-content\/uploads\/2026\/03\/Indicateur-6-Objectifs-Pedagogiques-et-Normes-Qualite.docx.pdf\">d\u00e9marche p\u00e9dagogique rigoureuse en conformit\u00e9 avec les exigences qualit\u00e9 actuelles.<\/a><\/p>\n\n\n\n<p>Prenez connaissance des Modalit\u00e9s et d\u00e9lais d&rsquo;acc\u00e8s sp\u00e9cifiques <a href=\"http:\/\/laboiteaje.fr\/wp-content\/uploads\/2026\/03\/Indicateur-1-Modalites-et-Delais-dAcces-Bilan-de-competences.docx.pdf\" data-type=\"link\" data-id=\"http:\/\/laboiteaje.fr\/wp-content\/uploads\/2026\/03\/Indicateur-1-Modalites-et-Delais-dAcces-Bilan-de-competences.docx.pdf\">aux bilans de comp\u00e9tences<\/a> et <a href=\"http:\/\/laboiteaje.fr\/wp-content\/uploads\/2026\/03\/Indicateur-1-Modalites-et-Delais-dAcces-Formation.docx.pdf\">aux  formations<\/a> \u00e9labor\u00e9es par la Bo\u00eete \u00e0 Je.<\/p>\n\n\n\n<p><mark style=\"background-color:rgba(0, 0, 0, 0);color:#c5921c\" class=\"has-inline-color\">La Bo\u00eete \u00e0 Je est un Organisme de formation enregistr\u00e9 sous le n\u00b0<em>84 69 17 340 69<\/em>&nbsp;<\/mark><\/p>\n\n\n\n<p><mark style=\"background-color:rgba(0, 0, 0, 0)\" class=\"has-inline-color has-cyan-bluish-gray-color\">(cet enregistrement ne vaut pas agr\u00e9ment de l\u2019Etat &#8211; article L.6352-12 du code du travail)<\/mark><\/p>\n\n\n\n<p>Contactez-moi pour en savoir plus.<\/p>\n\n\n\n<figure class=\"wp-block-image size-large\"><img loading=\"lazy\" decoding=\"async\" width=\"1024\" height=\"726\" src=\"http:\/\/laboiteaje.fr\/wp-content\/uploads\/2021\/01\/2022-Parcours-2-edited-1024x726.jpg\" alt=\"\" class=\"wp-image-604\" srcset=\"https:\/\/laboiteaje.fr\/wp-content\/uploads\/2021\/01\/2022-Parcours-2-edited-1024x726.jpg 1024w, https:\/\/laboiteaje.fr\/wp-content\/uploads\/2021\/01\/2022-Parcours-2-edited-300x213.jpg 300w, https:\/\/laboiteaje.fr\/wp-content\/uploads\/2021\/01\/2022-Parcours-2-edited-768x545.jpg 768w, https:\/\/laboiteaje.fr\/wp-content\/uploads\/2021\/01\/2022-Parcours-2-edited.jpg 1165w\" sizes=\"auto, (max-width: 767px) 89vw, (max-width: 1000px) 54vw, (max-width: 1071px) 543px, 580px\" \/><\/figure>\n\n\n\n<p><\/p>\n\n\n\n<p><\/p>\n","protected":false},"excerpt":{"rendered":"<p>L\u2019intention principale des formations de La Bo\u00eete \u00e0 Je est de valoriser la place de chacun dans sa vie professionnelle, associative, et personnelle. Ces formations permettent d\u2019acqu\u00e9rir des comp\u00e9tences pratiques et d\u2019approfondir ses connaissances pour mieux interagir et \u00e9voluer dans son environnement. \u00abLa structure du cerveau n&rsquo;est pas fig\u00e9e dans le temps ni d\u00e9termin\u00e9e uniquement &hellip; <\/p>\n<p class=\"link-more\"><a href=\"https:\/\/laboiteaje.fr\/index.php\/confinement\/\" class=\"more-link\">Continuer la lecture<span class=\"screen-reader-text\"> de &laquo;&nbsp;PARCOURS P\u00c9DAGOGIQUES&nbsp;&raquo;<\/span><\/a><\/p>\n","protected":false},"author":1,"featured_media":0,"parent":0,"menu_order":0,"comment_status":"closed","ping_status":"closed","template":"","meta":{"footnotes":""},"class_list":["post-536","page","type-page","status-publish","hentry"],"_links":{"self":[{"href":"https:\/\/laboiteaje.fr\/index.php\/wp-json\/wp\/v2\/pages\/536","targetHints":{"allow":["GET"]}}],"collection":[{"href":"https:\/\/laboiteaje.fr\/index.php\/wp-json\/wp\/v2\/pages"}],"about":[{"href":"https:\/\/laboiteaje.fr\/index.php\/wp-json\/wp\/v2\/types\/page"}],"author":[{"embeddable":true,"href":"https:\/\/laboiteaje.fr\/index.php\/wp-json\/wp\/v2\/users\/1"}],"replies":[{"embeddable":true,"href":"https:\/\/laboiteaje.fr\/index.php\/wp-json\/wp\/v2\/comments?post=536"}],"version-history":[{"count":28,"href":"https:\/\/laboiteaje.fr\/index.php\/wp-json\/wp\/v2\/pages\/536\/revisions"}],"predecessor-version":[{"id":1346,"href":"https:\/\/laboiteaje.fr\/index.php\/wp-json\/wp\/v2\/pages\/536\/revisions\/1346"}],"wp:attachment":[{"href":"https:\/\/laboiteaje.fr\/index.php\/wp-json\/wp\/v2\/media?parent=536"}],"curies":[{"name":"wp","href":"https:\/\/api.w.org\/{rel}","templated":true}]}}